{"id":522,"date":"2024-10-08T10:55:11","date_gmt":"2024-10-08T08:55:11","guid":{"rendered":"https:\/\/ish-value-of-water.com\/partner-der-value-of-water-conference\/"},"modified":"2025-02-13T09:14:22","modified_gmt":"2025-02-13T08:14:22","slug":"partner-der-value-of-water-conference","status":"publish","type":"page","link":"https:\/\/ish-value-of-water.com\/de\/partner-der-value-of-water-conference\/","title":{"rendered":"Partner der Value of Water Conference"},"content":{"rendered":"\n\t\t<div class=\"wp-block-header-cubes alignfull has-height-large\" style=\"background-image: url(https:\/\/ish-value-of-water.com\/wp-content\/uploads\/2024\/10\/Networking-Lunch_unterseite-1.jpg);\" >\n\t\t\t\t\t\t<div class=\"header-cubes__cubes\">\n\t\t\t\t\t\t\t\t<div class=\"header-cubes__cube header-cubes__cube--product\">\n\t\t\t\t\t\t\t\t\t\t\t<div class=\"header-cubes__cube--product__wordmark\">\n\t\t\t\t\t\t\t<img decoding=\"async\" src=\"https:\/\/ish-value-of-water.com\/wp-content\/uploads\/2024\/08\/ISH_White.svg\" alt=\"\">\n\t\t\t\t\t\t<\/div>\n\t\t\t\t\t\t\t\t\t\t<div class=\"header-cubes__cube--product__date-location-wrapper\">\n\t\t\t\t\t\t<div class=\"header-cubes__cube--product__date\">\n\t\t\t\t\t\t\t17. \u2013 18.03.25\t\t\t\t\t\t<\/div>\n\t\t\t\t\t\t<div class=\"header-cubes__cube--product__location\">\n\t\t\t\t\t\t\tFrankfurt<br>Kongresszentrum\t\t\t\t\t\t<\/div>\n\t\t\t\t\t<\/div>\n\t\t\t\t\t<a href=\"https:\/\/ish.messefrankfurt.com\/frankfurt\/de.html\" class=\"header-cubes__cube--product__link\" target=\"_blank\"><\/a>\n\t\t\t\t<\/div>\n\t\t\t\t\t\t\t\t\t<div class=\"header-cubes__cube header-cubes__cube--communication\">\n\t\t\t\t\t\t<div class=\"header-cubes__cube--communication__inner\">\n\t\t\t\t\t\t\t<div class=\"header-cubes__cube--communication__headline\">\n\t\t\t\t\t\t\t\tPioneering future solutions for clean water and sanitation\t\t\t\t\t\t\t<\/div>\n\t\t\t\t\t\t\t<div class=\"header-cubes__cube--communication__text\">\n\t\t\t\t\t\t\t\t<p><\/p>\n\t\t\t\t\t\t\t<\/div>\n\t\t\t\t\t\t<\/div>\n\t\t\t\t\t\t\t\t\t\t\t<\/div>\n\t\t\t\t\t\t\t\t<\/div>\n\t\t\t\t\t<\/div>\n\t\t\n\n\n<p><\/p>\n\n\n\n<div class=\"wp-block-group alignfull is-style-none has-color-background-color has-color-primary-background-color has-text-color has-background has-link-color wp-elements-543ff8a64c2240945cc912fd18ba5d40 is-layout-constrained wp-block-group-is-layout-constrained\" id=\"partner\" style=\"margin-top:0;margin-bottom:0\">\t\t<div class=\"wp-block-partners is-style-grid wp-block-partner-list\" style=\"--partners-item-width: 300px; --partners-item-max-width: 300px;\" >\r\n\t\t\t<div class=\"partner-list__title-wrap\"><h2 class=\"partner-list__title\">Nachhaltigkeitspartner <\/h2><\/div>\t\t\t<div class=\"list-wrapper partner__layout partners\">\r\n\t\t\t\t\r\n  <div id=\"hansgrohe-group\" class=\"partner\" data-show-modal>\r\n    <div class=\"partner__image\">\r\n      <img decoding=\"async\" src=\"https:\/\/ish-value-of-water.com\/wp-content\/uploads\/2024\/11\/hansgrohe_group.jpg\" role=\"presentation\" loading=\"lazy\">\r\n    <\/div>\r\n    <div class=\"partner__details ce-provider\">\n    <h4 class=\"partner__title\">Hansgrohe Group<\/h4>\n    <div class=\"partner__about\"><p>\u00dcber die Hansgrohe Group \u2013 Taktgeber des Wassers. Seit 1901.<\/p>\n<p>Die Hansgrohe Group mit Sitz in Schiltach\/Baden-W\u00fcrttemberg ist mit ihren Marken AXOR und hansgrohe ein in Innovation, Design und Qualit\u00e4t f\u00fchrendes Unternehmen der Bad- und K\u00fcchenbranche. Mit seinen Armaturen, Brausen und Duschsystemen gibt das 1901 im Schwarzwald gegr\u00fcndete Unternehmen dem Wasser Form und Funktion. In Kombination mit Sanit\u00e4rkeramik und Badm\u00f6beln bietet das Traditionsunternehmen individuelle Gestaltungsm\u00f6glichkeiten aus einer Hand f\u00fcr ganzheitliche Badezimmererlebnisse. Einzigartige Erfindungen wie die erste Handbrause mit unterschiedlichen Strahlarten, die erste ausziehbare K\u00fcchenarmatur oder gar die erste Duschstange pr\u00e4gen die \u00fcber 120-j\u00e4hrige Firmengeschichte. Das Unternehmen h\u00e4lt mehr als 20.000 aktive Schutzrechte. Die Hansgrohe Group steht f\u00fcr langlebige Qualit\u00e4tsprodukte und f\u00fcr Verantwortung gegen\u00fcber Menschen und Umwelt. Die nachhaltige Herstellung ressourcenschonender Produkte ist international im unternehmerischen Handeln verankert. Durch die Entwicklung innovativer Technologien f\u00fcr Armaturen und Brausen erzielt Hansgrohe in der Nutzungsphase seiner Produkte den gr\u00f6\u00dftm\u00f6glichen Effekt auf den Schutz der Ressource Wasser sowie die Begrenzung und Anpassung an den Klimawandel. Als ein Teil ihrer konsequenten Nachhaltigkeitsstrategie r\u00fcstet die Unternehmensgruppe mit ihrer Initiative \u201eECO 2030\u201c bis 2030 alle wasserf\u00fchrenden Produkte ausschlie\u00dflich mit Wasserspartechnologien aus. Mit 35 Gesellschaften, 21 Verkaufsb\u00fcros und Vertrieb in \u00fcber 150 L\u00e4ndern ist das global agierende Unternehmen der Sanit\u00e4rbranche seinen Kunden in allen Regionen der Erde ein verl\u00e4sslicher Partner. Die Hansgrohe Group, ihre Marken und Produkte wurden mit zahlreichen Auszeichnungen pr\u00e4miert, darunter \u00fcber 700 Designpreise seit 1974. Die Produkte der Hansgrohe Group sind weltweit pr\u00e4sent, auf namhaften Kreuzfahrtschiffen, in luxuri\u00f6sen 5-Sterne- und Boutique-Hotels internationaler Metropolen, in au\u00dfergew\u00f6hnlichen Spas, exklusiven B\u00e4dern von Lodges und Luxusvillen, \u00f6ffentlichen Einrichtungen sowie in unz\u00e4hligen Privath\u00e4usern. Ihre hohen Qualit\u00e4tsstandards gew\u00e4hrleistet die Hansgrohe Group durch die Produktion an acht eigenen Produktionsstandorten, von denen sich vier in Deutschland, sowie je einer in Frankreich, in Serbien, in den USA und in China befinden. 2023 erwirtschaftete die Hansgrohe Group einen Umsatz von 1,406 Milliarden Euro. Weltweit besch\u00e4ftigt das Unternehmen rund 5.400 Mitarbeiterinnen und Mitarbeiter, davon 60 Prozent in Deutschland.<\/p>\n<\/div>\n    <a class=\"partner__url\" href=\"\" target=\"_blank\" rel=\"noopener\">\n            <\/a>\n    <\/div>  <\/div>\r\n\r\n\t\t\t<\/div>\r\n\t\t<\/div>\r\n\t\t\n\n\t\t<div class=\"wp-block-partners is-style-grid wp-block-partner-list\" style=\"--partners-item-width: 300px; --partners-item-max-width: 300px;\" >\r\n\t\t\t<div class=\"partner-list__title-wrap\"><h2 class=\"partner-list__title\">Partner<\/h2><\/div>\t\t\t<div class=\"list-wrapper partner__layout partners\">\r\n\t\t\t\t\r\n  <div id=\"building-technology-solutions\" class=\"partner\" data-show-modal>\r\n    <div class=\"partner__image\">\r\n      <img decoding=\"async\" src=\"https:\/\/ish-value-of-water.com\/wp-content\/uploads\/2025\/02\/buildingtechnologysolutions.jpg\" role=\"presentation\" loading=\"lazy\">\r\n    <\/div>\r\n    <div class=\"partner__details ce-provider\">\n    <h4 class=\"partner__title\">Building. Technology. Solutions.<\/h4>\n    <div class=\"partner__about\"><p>Immer informiert \u2013 alles auf einen Blick \u2013 individuell anpassbar: Building. Technology. Solutions. ist Ihre zentrale Plattform f\u00fcr intelligente Geb\u00e4udetechnik \u2013 jederzeit verf\u00fcgbar, immer aktuell. Mit einem Blick in Richtung Zukunft der Branche pr\u00e4sentieren wir Ihnen fundierte Einblicke, relevante Trends und nachhaltige Innovationen f\u00fcr die gebaute Umwelt. Vielf\u00e4ltige Medienformate informieren, inspirieren und laden zur aktiven Mitgestaltung ein \u2013 von Expert*innen f\u00fcr Expert*innen.<\/p>\n<p>Jetzt entdecken:<a href=\"https:\/\/building-technologies.messefrankfurt.com\/frankfurt\/de.html?wt_mc=building-technologies.dach.coop.value-of-water.sponsoring\" data-type=\"link\" data-id=\"https:\/\/building-technologies.messefrankfurt.com\/frankfurt\/de.html?wt_mc=building-technologies.dach.coop.value-of-water.sponsoring\" target=\"_blank\" rel=\"noreferrer noopener\"> Building. Technology. Solutions.<\/a><\/p>\n<\/div>\n    <a class=\"partner__url\" href=\"\" target=\"_blank\" rel=\"noopener\">\n            <\/a>\n    <\/div>  <\/div>\r\n\r\n\r\n  <div id=\"grohe\" class=\"partner\" data-show-modal>\r\n    <div class=\"partner__image\">\r\n      <img decoding=\"async\" src=\"https:\/\/ish-value-of-water.com\/wp-content\/uploads\/2024\/10\/GROHE_Logo_Claim.jpg\" role=\"presentation\" loading=\"lazy\">\r\n    <\/div>\r\n    <div class=\"partner__details ce-provider\">\n    <h4 class=\"partner__title\">Grohe<\/h4>\n    <div class=\"partner__about\"><p><strong>\u00dcber GROHE<\/strong><\/p>\n<p>GROHE ist eine f\u00fchrende globale Marke f\u00fcr ganzheitliche Badl\u00f6sungen und K\u00fcchenarmaturen. Seit 2014 geh\u00f6rt GROHE zu dem starken Markenportfolio von LIXIL, einem f\u00fchrenden Hersteller von richtungsweisenden Wassertechnologien und Geb\u00e4udeausstattung. Um \u201ePure Freude an Wasser\u201c zu bieten, basiert jedes GROHE Produkt auf den Markenwerten Qualit\u00e4t, Technologie, Design und Nachhaltigkeit.<\/p>\n<p>Mit ihren kundenspezifischen Portfolios GROHE QuickFix, GROHE Professional und der Premium-Sub-Brand GROHE SPA bietet die Marke sowohl lebensverbessernde Produktl\u00f6sungen als auch Services an. Sie alle sind auf die verschiedenen Bed\u00fcrfnisse von GROHEs professionellen Gesch\u00e4ftspartnern und deren differenzierten Zielgruppen ausgerichtet.<\/p>\n<p>Mit Wasser als Kern des Gesch\u00e4fts tr\u00e4gt GROHE mit einer ressourcenschonenden Wertsch\u00f6pfungskette zur Impact Strategy von LIXIL bei: von der CO2-neutralen* Produktion \u00fcber die Vermeidung von unn\u00f6tigem Plastik in den Produktverpackungen bis hin zu wasser- und energiesparenden Produkttechnologien wie GROHE Everstream, einer wasser-recycelnden Dusche.<\/p>\n<p>*inkludiert CO2-Kompensationsprojekte, mehr auf grohe-x.com\/sustainability.<\/p>\n<\/div>\n    <a class=\"partner__url\" href=\"\" target=\"_blank\" rel=\"noopener\">\n            <\/a>\n    <\/div>  <\/div>\r\n\r\n\r\n  <div id=\"viega\" class=\"partner\" data-show-modal>\r\n    <div class=\"partner__image\">\r\n      <img decoding=\"async\" src=\"https:\/\/ish-value-of-water.com\/wp-content\/uploads\/2024\/12\/Viega.jpg\" role=\"presentation\" loading=\"lazy\">\r\n    <\/div>\r\n    <div class=\"partner__details ce-provider\">\n    <h4 class=\"partner__title\">Viega<\/h4>\n    <div class=\"partner__about\"><p>Viega ist Experte f\u00fcr gesundes Trinkwasser im Geb\u00e4ude und z\u00e4hlt zu den Weltmarkt- und Technologief\u00fchrern der Installationsbranche. Als qualit\u00e4tsorientiertes Familienunternehmen mit international mehr als 5.500 Mitarbeitenden verf\u00fcgt das Unternehmen \u00fcber 125 Jahre Erfahrung in der Geb\u00e4udetechnik. Kernkompetenzen sind der Erhalt und die Weiterentwicklung von Trinkwasserhygiene, Energieeffizienz, Komfort und Sicherheit im Geb\u00e4ude. An zehn Standorten weltweit entwickelt und produziert die Unternehmensgruppe \u00fcber 17.000 Produkte und Systeme.<\/p>\n<\/div>\n    <a class=\"partner__url\" href=\"\" target=\"_blank\" rel=\"noopener\">\n            <\/a>\n    <\/div>  <\/div>\r\n\r\n\t\t\t<\/div>\r\n\t\t<\/div>\r\n\t\t\n\n\t\t<div class=\"wp-block-partners is-style-grid wp-block-partner-list\" style=\"--partners-item-width: 300px; --partners-item-max-width: 300px;\" >\r\n\t\t\t<div class=\"partner-list__title-wrap\"><h2 class=\"partner-list__title\">Kooperationspartner<\/h2><\/div>\t\t\t<div class=\"list-wrapper partner__layout partners\">\r\n\t\t\t\t\r\n  <div id=\"gfa\" class=\"partner\" data-show-modal>\r\n    <div class=\"partner__image\">\r\n      <img decoding=\"async\" src=\"https:\/\/ish-value-of-water.com\/wp-content\/uploads\/2025\/02\/GFA-de.jpg\" role=\"presentation\" loading=\"lazy\">\r\n    <\/div>\r\n    <div class=\"partner__details ce-provider\">\n    <h4 class=\"partner__title\">GFA<\/h4>\n    <div class=\"partner__about\"><p>GFA-News.de liefert Ihnen tagesaktuelle Fachinformationen rund um Wasser, Wirtschaft und Umwelt &#8211; ausgesucht von der Redaktion der DWA-Verbandszeitschriften KA Korrespondenz Abwasser, Abfall und KW Korrespondenz Wasserwirtschaft. Von Personalien \u00fcber Studien, Berichte und Ereignisse bis zu Gesetzen, Forschungsprojekten und -ergebnissen ist alles dabei, was Sie \u00fcber die aktuellen Entwicklungen in der Branche wissen m\u00fcssen.<\/p>\n<p>Die GFA (Gesellschaft zur F\u00f6rderung der Abwassertechnik e. V.) ist eine Servicegesellschaft f\u00fcr die DWA (Deutsche Vereinigung f\u00fcr Wasserwirtschaft, Abwasser und Abfall e. V.).<\/p>\n<\/div>\n    <a class=\"partner__url\" href=\"https:\/\/www.gfa-news.de\/\" target=\"_blank\" rel=\"noopener\">\n        www.gfa-news.de    <\/a>\n    <\/div>  <\/div>\r\n\r\n\t\t\t<\/div>\r\n\t\t<\/div>\r\n\t\t<\/div>\n\n\n\n<p><\/p>\n\n\n\n\t\t\t<div class=\"wp-block-news-listing\" >\n\t\t\t\t<div class=\"container\">\n\t\t\t\t\t<h2>News<\/h2>\n\t\t\t\t\t<div class=\"news-listing__layout\">\n\t\t\t\t\t<a href=\"https:\/\/ish-value-of-water.com\/de\/statement-by-hamed-beheshti-co-founder-ceo-boreal-light\/\">\r\n\t<div class=\"news-item\">\r\n\t\t<div class=\"news-item__image\">\r\n\t\t\t<img loading=\"lazy\" decoding=\"async\" width=\"300\" height=\"150\" src=\"https:\/\/ish-value-of-water.com\/wp-content\/uploads\/2025\/03\/artikel_Beheshti-300x150.jpg\" class=\"attachment-medium size-medium wp-post-image\" alt=\"\" srcset=\"https:\/\/ish-value-of-water.com\/wp-content\/uploads\/2025\/03\/artikel_Beheshti-300x150.jpg 300w, https:\/\/ish-value-of-water.com\/wp-content\/uploads\/2025\/03\/artikel_Beheshti-1024x512.jpg 1024w, https:\/\/ish-value-of-water.com\/wp-content\/uploads\/2025\/03\/artikel_Beheshti-768x384.jpg 768w, https:\/\/ish-value-of-water.com\/wp-content\/uploads\/2025\/03\/artikel_Beheshti.jpg 1200w\" sizes=\"(max-width: 300px) 100vw, 300px\" \/>\t\t<\/div>\r\n\t\t<div class=\"news-item__teaser\">\r\n\t\t\t\t\t\t\t<span class=\"news-item__category\">News<\/span>\r\n\t\t\t\t\t\t<h4 class=\"news-item__title\">Statement by Hamed Beheshti, Co-founder \/ CEO &#8211; Boreal Light<\/h4>\r\n\t\t\t<p class=\"news-item__teaser-text\">participant of the panel &#8222;From Global Vision to Action: Towards a Water-Secure World Water and energy policies remain disconnected, despite their deep interdependence. As the need for water treatment&#8230;<\/p>\r\n\t\t<\/div>\r\n\t<\/div>\r\n<\/a><a href=\"https:\/\/ish-value-of-water.com\/de\/what-does-climate-resilience-mean-for-potable-water-installations-in-buildings\/\">\r\n\t<div class=\"news-item\">\r\n\t\t<div class=\"news-item__image\">\r\n\t\t\t<img loading=\"lazy\" decoding=\"async\" width=\"300\" height=\"169\" src=\"https:\/\/ish-value-of-water.com\/wp-content\/uploads\/2025\/02\/video_schauer-300x169.jpg\" class=\"attachment-medium size-medium wp-post-image\" alt=\"\" srcset=\"https:\/\/ish-value-of-water.com\/wp-content\/uploads\/2025\/02\/video_schauer-300x169.jpg 300w, https:\/\/ish-value-of-water.com\/wp-content\/uploads\/2025\/02\/video_schauer-1024x576.jpg 1024w, https:\/\/ish-value-of-water.com\/wp-content\/uploads\/2025\/02\/video_schauer-768x432.jpg 768w, https:\/\/ish-value-of-water.com\/wp-content\/uploads\/2025\/02\/video_schauer.jpg 1076w\" sizes=\"(max-width: 300px) 100vw, 300px\" \/>\t\t<\/div>\r\n\t\t<div class=\"news-item__teaser\">\r\n\t\t\t\t\t\t\t<span class=\"news-item__category\">News<\/span>\r\n\t\t\t\t\t\t<h4 class=\"news-item__title\">What does climate resilience mean for potable water installations in buildings?<\/h4>\r\n\t\t\t<p class=\"news-item__teaser-text\">Dr. Christian Schauer,\u00a0Director Water Competence Centre \u2013 Viega, responds to these and other questions in his video statement.<\/p>\r\n\t\t<\/div>\r\n\t<\/div>\r\n<\/a><a href=\"https:\/\/ish-value-of-water.com\/de\/spouts-of-water\/\">\r\n\t<div class=\"news-item\">\r\n\t\t<div class=\"news-item__image\">\r\n\t\t\t<img loading=\"lazy\" decoding=\"async\" width=\"300\" height=\"169\" src=\"https:\/\/ish-value-of-water.com\/wp-content\/uploads\/2025\/02\/video_wiebe-300x169.jpg\" class=\"attachment-medium size-medium wp-post-image\" alt=\"\" srcset=\"https:\/\/ish-value-of-water.com\/wp-content\/uploads\/2025\/02\/video_wiebe-300x169.jpg 300w, https:\/\/ish-value-of-water.com\/wp-content\/uploads\/2025\/02\/video_wiebe-768x432.jpg 768w, https:\/\/ish-value-of-water.com\/wp-content\/uploads\/2025\/02\/video_wiebe.jpg 993w\" sizes=\"(max-width: 300px) 100vw, 300px\" \/>\t\t<\/div>\r\n\t\t<div class=\"news-item__teaser\">\r\n\t\t\t\t\t\t\t<span class=\"news-item__category\">News<\/span>\r\n\t\t\t\t\t\t<h4 class=\"news-item__title\">Spouts of water<\/h4>\r\n\t\t\t<p class=\"news-item__teaser-text\">Christian Wiebe, Divisional Manager WASH at Viva con Agua de Sankt Pauli e.V., will present the transformative power of social enterprises at the Value of Water Conference. In his talk, he will explore&#8230;<\/p>\r\n\t\t<\/div>\r\n\t<\/div>\r\n<\/a><a href=\"https:\/\/ish-value-of-water.com\/de\/delivering-tangible-solutions-for-clean-water-and-sanitation-the-need-for-circular-water-systems-in-urban-environments\/\">\r\n\t<div class=\"news-item\">\r\n\t\t<div class=\"news-item__image\">\r\n\t\t\t<img loading=\"lazy\" decoding=\"async\" width=\"300\" height=\"169\" src=\"https:\/\/ish-value-of-water.com\/wp-content\/uploads\/2025\/02\/artikel_Arthur-Valkieser-300x169.jpg\" class=\"attachment-medium size-medium wp-post-image\" alt=\"\" srcset=\"https:\/\/ish-value-of-water.com\/wp-content\/uploads\/2025\/02\/artikel_Arthur-Valkieser-300x169.jpg 300w, https:\/\/ish-value-of-water.com\/wp-content\/uploads\/2025\/02\/artikel_Arthur-Valkieser-1024x576.jpg 1024w, https:\/\/ish-value-of-water.com\/wp-content\/uploads\/2025\/02\/artikel_Arthur-Valkieser-768x432.jpg 768w, https:\/\/ish-value-of-water.com\/wp-content\/uploads\/2025\/02\/artikel_Arthur-Valkieser.jpg 1200w\" sizes=\"(max-width: 300px) 100vw, 300px\" \/>\t\t<\/div>\r\n\t\t<div class=\"news-item__teaser\">\r\n\t\t\t\t\t\t\t<span class=\"news-item__category\">News<\/span>\r\n\t\t\t\t\t\t<h4 class=\"news-item__title\">Delivering Tangible Solutions for Clean Water and Sanitation: The Need for Circular Water Systems in Urban Environments<\/h4>\r\n\t\t\t<p class=\"news-item__teaser-text\">Arthur Valkieser, CEO\/CTO &amp; co-founder Hydraloop International \u2013 Board Member &amp; Vice President WaterEurope For centuries, traditional water management has followed a linear model: fresh water&#8230;<\/p>\r\n\t\t<\/div>\r\n\t<\/div>\r\n<\/a><a href=\"https:\/\/ish-value-of-water.com\/de\/re-use-shower-waste-water-to-save-energy-water-costs\/\">\r\n\t<div class=\"news-item\">\r\n\t\t<div class=\"news-item__image\">\r\n\t\t\t<img loading=\"lazy\" decoding=\"async\" width=\"300\" height=\"150\" src=\"https:\/\/ish-value-of-water.com\/wp-content\/uploads\/2025\/02\/artikel_agac-300x150.jpg\" class=\"attachment-medium size-medium wp-post-image\" alt=\"\" srcset=\"https:\/\/ish-value-of-water.com\/wp-content\/uploads\/2025\/02\/artikel_agac-300x150.jpg 300w, https:\/\/ish-value-of-water.com\/wp-content\/uploads\/2025\/02\/artikel_agac-1024x512.jpg 1024w, https:\/\/ish-value-of-water.com\/wp-content\/uploads\/2025\/02\/artikel_agac-768x384.jpg 768w, https:\/\/ish-value-of-water.com\/wp-content\/uploads\/2025\/02\/artikel_agac.jpg 1200w\" sizes=\"(max-width: 300px) 100vw, 300px\" \/>\t\t<\/div>\r\n\t\t<div class=\"news-item__teaser\">\r\n\t\t\t\t\t\t\t<span class=\"news-item__category\">News<\/span>\r\n\t\t\t\t\t\t<h4 class=\"news-item__title\">Re-use shower waste water to save energy &amp; water costs!<\/h4>\r\n\t\t\t<p class=\"news-item__teaser-text\">Statement by \u015eenol A\u011fa\u00e7,\u00a0Founder \u2013 Sustainable Water Consulting Grey Water Recycling is around for many years and it is still so new to many building operators &amp; owners. Shower waste water is&#8230;<\/p>\r\n\t\t<\/div>\r\n\t<\/div>\r\n<\/a><a href=\"https:\/\/ish-value-of-water.com\/de\/die-vergessene-ressource\/\">\r\n\t<div class=\"news-item\">\r\n\t\t<div class=\"news-item__image\">\r\n\t\t\t<img loading=\"lazy\" decoding=\"async\" width=\"300\" height=\"169\" src=\"https:\/\/ish-value-of-water.com\/wp-content\/uploads\/2025\/01\/GROHE_Sustainable-Globe-300x169.jpg\" class=\"attachment-medium size-medium wp-post-image\" alt=\"\" srcset=\"https:\/\/ish-value-of-water.com\/wp-content\/uploads\/2025\/01\/GROHE_Sustainable-Globe-300x169.jpg 300w, https:\/\/ish-value-of-water.com\/wp-content\/uploads\/2025\/01\/GROHE_Sustainable-Globe-1024x576.jpg 1024w, https:\/\/ish-value-of-water.com\/wp-content\/uploads\/2025\/01\/GROHE_Sustainable-Globe-768x432.jpg 768w, https:\/\/ish-value-of-water.com\/wp-content\/uploads\/2025\/01\/GROHE_Sustainable-Globe.jpg 1200w\" sizes=\"(max-width: 300px) 100vw, 300px\" \/>\t\t<\/div>\r\n\t\t<div class=\"news-item__teaser\">\r\n\t\t\t\t\t\t\t<span class=\"news-item__category\">News<\/span>\r\n\t\t\t\t\t\t<h4 class=\"news-item__title\">Die vergessene Ressource<\/h4>\r\n\t\t\t<p class=\"news-item__teaser-text\">Warum wir eine Wasserwende brauchen AdvertorialArtikel aus dem Handelsblatt Journal ENERGIEWIRTSCHAFT vom 21.01.2025 Marc Dobro, Gesch\u00e4ftsf\u00fchrer, GROHE Deutschland Vertriebs GmbH Wetterextreme, die wachsende&#8230;<\/p>\r\n\t\t<\/div>\r\n\t<\/div>\r\n<\/a><a href=\"https:\/\/ish-value-of-water.com\/de\/europas-wasserresilienz-beginnt-zuhause\/\">\r\n\t<div class=\"news-item\">\r\n\t\t<div class=\"news-item__image\">\r\n\t\t\t<img loading=\"lazy\" decoding=\"async\" width=\"300\" height=\"169\" src=\"https:\/\/ish-value-of-water.com\/wp-content\/uploads\/2025\/01\/hansgrohe-group_2024_Kalmbach-Hans-Juergen_CEO_638-300x169.jpg\" class=\"attachment-medium size-medium wp-post-image\" alt=\"\" srcset=\"https:\/\/ish-value-of-water.com\/wp-content\/uploads\/2025\/01\/hansgrohe-group_2024_Kalmbach-Hans-Juergen_CEO_638-300x169.jpg 300w, https:\/\/ish-value-of-water.com\/wp-content\/uploads\/2025\/01\/hansgrohe-group_2024_Kalmbach-Hans-Juergen_CEO_638-1024x576.jpg 1024w, https:\/\/ish-value-of-water.com\/wp-content\/uploads\/2025\/01\/hansgrohe-group_2024_Kalmbach-Hans-Juergen_CEO_638-768x432.jpg 768w, https:\/\/ish-value-of-water.com\/wp-content\/uploads\/2025\/01\/hansgrohe-group_2024_Kalmbach-Hans-Juergen_CEO_638.jpg 1200w\" sizes=\"(max-width: 300px) 100vw, 300px\" \/>\t\t<\/div>\r\n\t\t<div class=\"news-item__teaser\">\r\n\t\t\t\t\t\t\t<span class=\"news-item__category\">News<\/span>\r\n\t\t\t\t\t\t<h4 class=\"news-item__title\">Europas Wasserresilienz beginnt zuhause<\/h4>\r\n\t\t\t<p class=\"news-item__teaser-text\">Hans-J\u00fcrgen Kalmbach, Hansgrohe Vorstandsvorsitzender, Water Europe Vorstandsmitglied Der j\u00fcngste Bericht der Europ\u00e4ischen Umweltagentur zeigt eine ern\u00fcchternde Statistik: Bereits 30 % der EU-Bev\u00f6lkerung&#8230;<\/p>\r\n\t\t<\/div>\r\n\t<\/div>\r\n<\/a><a href=\"https:\/\/ish-value-of-water.com\/de\/how-to-bring-water-solutions-or-sanitary-solutions-to-the-markets-in-a-sustainable-way\/\">\r\n\t<div class=\"news-item\">\r\n\t\t<div class=\"news-item__image\">\r\n\t\t\t<img loading=\"lazy\" decoding=\"async\" width=\"300\" height=\"169\" src=\"https:\/\/ish-value-of-water.com\/wp-content\/uploads\/2025\/01\/LIXIL_Erin_McCusker-300x169.jpg\" class=\"attachment-medium size-medium wp-post-image\" alt=\"\" srcset=\"https:\/\/ish-value-of-water.com\/wp-content\/uploads\/2025\/01\/LIXIL_Erin_McCusker-300x169.jpg 300w, https:\/\/ish-value-of-water.com\/wp-content\/uploads\/2025\/01\/LIXIL_Erin_McCusker-1024x576.jpg 1024w, https:\/\/ish-value-of-water.com\/wp-content\/uploads\/2025\/01\/LIXIL_Erin_McCusker-768x432.jpg 768w, https:\/\/ish-value-of-water.com\/wp-content\/uploads\/2025\/01\/LIXIL_Erin_McCusker.jpg 1200w\" sizes=\"(max-width: 300px) 100vw, 300px\" \/>\t\t<\/div>\r\n\t\t<div class=\"news-item__teaser\">\r\n\t\t\t\t\t\t\t<span class=\"news-item__category\">News<\/span>\r\n\t\t\t\t\t\t<h4 class=\"news-item__title\">How to bring water solutions or sanitary solutions to the markets in a sustainable way<\/h4>\r\n\t\t\t<p class=\"news-item__teaser-text\">Video statement from Erin McCusker, LIXIL<\/p>\r\n\t\t<\/div>\r\n\t<\/div>\r\n<\/a><a href=\"https:\/\/ish-value-of-water.com\/de\/wasserknappheit-wo-liegen-einsparungspotenziale-was-bringt-die-wassereffizienz-in-deutschland-und-europa-voran\/\">\r\n\t<div class=\"news-item\">\r\n\t\t<div class=\"news-item__image\">\r\n\t\t\t<img loading=\"lazy\" decoding=\"async\" width=\"300\" height=\"169\" src=\"https:\/\/ish-value-of-water.com\/wp-content\/uploads\/2025\/01\/video_kalmbach-300x169.jpg\" class=\"attachment-medium size-medium wp-post-image\" alt=\"\" srcset=\"https:\/\/ish-value-of-water.com\/wp-content\/uploads\/2025\/01\/video_kalmbach-300x169.jpg 300w, https:\/\/ish-value-of-water.com\/wp-content\/uploads\/2025\/01\/video_kalmbach-1024x576.jpg 1024w, https:\/\/ish-value-of-water.com\/wp-content\/uploads\/2025\/01\/video_kalmbach-768x432.jpg 768w, https:\/\/ish-value-of-water.com\/wp-content\/uploads\/2025\/01\/video_kalmbach.jpg 1076w\" sizes=\"(max-width: 300px) 100vw, 300px\" \/>\t\t<\/div>\r\n\t\t<div class=\"news-item__teaser\">\r\n\t\t\t\t\t\t\t<span class=\"news-item__category\">News<\/span>\r\n\t\t\t\t\t\t<h4 class=\"news-item__title\">Wasserknappheit \u2013 Wo liegen Einsparungspotenziale? Was bringt die Wassereffizienz in Deutschland und Europa voran?<\/h4>\r\n\t\t\t<p class=\"news-item__teaser-text\">Hans-J\u00fcrgen Kalmbach, Vorsitzender des Vorstands, Hansgrohe SE, im Videostatement.<\/p>\r\n\t\t<\/div>\r\n\t<\/div>\r\n<\/a><a href=\"https:\/\/ish-value-of-water.com\/de\/wassermangel-warum-uns-die-wasserkrise-alle-betrifft\/\">\r\n\t<div class=\"news-item\">\r\n\t\t<div class=\"news-item__image\">\r\n\t\t\t<img loading=\"lazy\" decoding=\"async\" width=\"300\" height=\"169\" src=\"https:\/\/ish-value-of-water.com\/wp-content\/uploads\/2025\/01\/GROHE_Sustainable-Globe-300x169.jpg\" class=\"attachment-medium size-medium wp-post-image\" alt=\"\" srcset=\"https:\/\/ish-value-of-water.com\/wp-content\/uploads\/2025\/01\/GROHE_Sustainable-Globe-300x169.jpg 300w, https:\/\/ish-value-of-water.com\/wp-content\/uploads\/2025\/01\/GROHE_Sustainable-Globe-1024x576.jpg 1024w, https:\/\/ish-value-of-water.com\/wp-content\/uploads\/2025\/01\/GROHE_Sustainable-Globe-768x432.jpg 768w, https:\/\/ish-value-of-water.com\/wp-content\/uploads\/2025\/01\/GROHE_Sustainable-Globe.jpg 1200w\" sizes=\"(max-width: 300px) 100vw, 300px\" \/>\t\t<\/div>\r\n\t\t<div class=\"news-item__teaser\">\r\n\t\t\t\t\t\t\t<span class=\"news-item__category\">News<\/span>\r\n\t\t\t\t\t\t<h4 class=\"news-item__title\">Wassermangel: Warum uns die Wasserkrise alle betrifft<\/h4>\r\n\t\t\t<p class=\"news-item__teaser-text\"><p>Die Welt steht vor einer beispiellosen Wasserkrise: Ein Viertel der Weltbev\u00f6lkerung leidet jedes Jahr unter extremer Wasserknappheit.<sup>[1]<\/sup> Im Jahr 2023 sahen sich L\u00e4nder wie Frankreich, Spanien&#8230;<\/p>\r\n\t\t<\/div>\r\n\t<\/div>\r\n<\/a>\t\t\t\t\t<\/div>\n\t\t\t\t<\/div>\n\t\t\t<\/div>\n\t\t\n\n\n<div style=\"height:50px\" aria-hidden=\"true\" class=\"wp-block-spacer\"><\/div>\n\n\n\n<h2 class=\"wp-block-heading\" id=\"become-a-partner\">Werden Sie Partner der Value of Water Conference<\/h2>\n\n\n<p><strong>Positionieren Sie Ihr Unternehmen als Vorreiter in Sachen Wassernachhaltigkeit<\/strong><\/p>\n<p>Seien Sie dabei, wenn die <strong>Value of Water Conference<\/strong> ins Leben gerufen wird, eine globale Konferenz, die Branchenf\u00fchrer, Innovatoren und Entscheidungstr\u00e4ger zusammenbringt, um Fortschritte bei der Verwirklichung des <strong>Nachhaltigkeitsziels #6: Sauberes Wasser und Sanit\u00e4reinrichtungen<\/strong> zu erzielen. Als Gr\u00fcndungspartner erh\u00e4lt Ihr Unternehmen die einmalige Gelegenheit, diese Veranstaltung als f\u00fchrende Plattform f\u00fcr Zusammenarbeit, Innovation und Wirkung im Wassersektor zu gestalten und zu etablieren. <\/p>\n\n\n<div class=\"wp-block-group is-layout-constrained wp-block-group-is-layout-constrained ce-provider\">\n<h3 class=\"wp-block-heading ce-provider\"><strong>Warum eine Partnerschaft mit uns? Vorteile auf einen Blick <\/strong><\/h3>\n\n\n\t\t<div class=\"wp-block-accordion-container ce-provider\" >\r\n\t\t\t\t\t\t\n\t\t<div class=\"wp-block-accordion-item accordion-item ce-provider\" >\r\n\t\t\t<details class=\"accordion__wrapper\">\r\n\t\t\t\t\t\t\t\t\n\r\n\t\t<summary class=\"accordion__head\">\r\n\t\t\t\t\t\t<span>Etablieren Sie Ihre Marke als f\u00fchrendes Unternehmen im Bereich Wassernachhaltigkeit<\/span>\r\n\t\t\t<svg class=\"accordion__caret\" width=\"14\" height=\"8\" viewBox=\"0 0 14 8\" fill=\"none\" xmlns=\"http:\/\/www.w3.org\/2000\/svg\">\r\n\t<path fill-rule=\"evenodd\" clip-rule=\"evenodd\" d=\"M0.646447 0.646446C0.841709 0.451184 1.15829 0.451185 1.35355 0.646447L6.99999 6.29289L12.6464 0.646446C12.8417 0.451184 13.1583 0.451185 13.3536 0.646447C13.5488 0.841709 13.5488 1.15829 13.3536 1.35355L7.35354 7.35355C7.25978 7.44732 7.1326 7.5 6.99999 7.5C6.86738 7.5 6.7402 7.44732 6.64644 7.35355L0.646446 1.35355C0.451184 1.15829 0.451185 0.841708 0.646447 0.646446Z\" fill=\"black\"><\/path>\r\n<\/svg>\t\t<\/summary>\r\n\t\n\n\t\t<div class=\"accordion__body\">\r\n\t\t\t\n\n<ul>\n<li>Erreichen Sie eine <strong>hohe Sichtbarkeit Ihrer Marke<\/strong> durch die Platzierung Ihres Logos auf unserer Website, in den sozialen Medien und in der Veranstaltungskommunikation.<\/li>\n<li>Pr\u00e4sentieren Sie Ihre Marke vor Ort als Sponsor von wichtigen Networking-Formaten.<\/li>\n<\/ul>\n\n\r\n\t\t<\/div>\r\n\t\n\r\n\t\t\t<\/details>\r\n\t\t<\/div>\r\n\t\t\n\n\t\t<div class=\"wp-block-accordion-item accordion-item ce-provider\" >\r\n\t\t\t<details class=\"accordion__wrapper\">\r\n\t\t\t\t\t\t\t\t\n\r\n\t\t<summary class=\"accordion__head\">\r\n\t\t\t\t\t\t<span>Treten Sie direkt mit Entscheidungstr\u00e4gern in Kontakt<\/span>\r\n\t\t\t<svg class=\"accordion__caret\" width=\"14\" height=\"8\" viewBox=\"0 0 14 8\" fill=\"none\" xmlns=\"http:\/\/www.w3.org\/2000\/svg\">\r\n\t<path fill-rule=\"evenodd\" clip-rule=\"evenodd\" d=\"M0.646447 0.646446C0.841709 0.451184 1.15829 0.451185 1.35355 0.646447L6.99999 6.29289L12.6464 0.646446C12.8417 0.451184 13.1583 0.451185 13.3536 0.646447C13.5488 0.841709 13.5488 1.15829 13.3536 1.35355L7.35354 7.35355C7.25978 7.44732 7.1326 7.5 6.99999 7.5C6.86738 7.5 6.7402 7.44732 6.64644 7.35355L0.646446 1.35355C0.451184 1.15829 0.451185 0.841708 0.646447 0.646446Z\" fill=\"black\"><\/path>\r\n<\/svg>\t\t<\/summary>\r\n\t\n\n\t\t<div class=\"accordion__body\">\r\n\t\t\t\n\n<ul class=\"wp-block-list ce-provider\">\n<li><strong>Pr\u00e4sentieren Sie Ihr Fachwissen<\/strong> in ma\u00dfgeschneiderten Breakout-Sessions oder Podiumsdiskussionen.<\/li>\n\n\n\n<li>Nehmen Sie an <strong>Live-B\u00fchneninterviews<\/strong> und digitalen Sessions teil und teilen Sie Ihre Erkenntnisse mit einem globalen Publikum.<\/li>\n<\/ul>\n\n\r\n\t\t<\/div>\r\n\t\n\r\n\t\t\t<\/details>\r\n\t\t<\/div>\r\n\t\t\n\n\t\t<div class=\"wp-block-accordion-item accordion-item ce-provider\" >\r\n\t\t\t<details class=\"accordion__wrapper\">\r\n\t\t\t\t\t\t\t\t\n\r\n\t\t<summary class=\"accordion__head\">\r\n\t\t\t\t\t\t<span>Kn\u00fcpfen Sie Kontakte und generieren Sie Leads<\/span>\r\n\t\t\t<svg class=\"accordion__caret\" width=\"14\" height=\"8\" viewBox=\"0 0 14 8\" fill=\"none\" xmlns=\"http:\/\/www.w3.org\/2000\/svg\">\r\n\t<path fill-rule=\"evenodd\" clip-rule=\"evenodd\" d=\"M0.646447 0.646446C0.841709 0.451184 1.15829 0.451185 1.35355 0.646447L6.99999 6.29289L12.6464 0.646446C12.8417 0.451184 13.1583 0.451185 13.3536 0.646447C13.5488 0.841709 13.5488 1.15829 13.3536 1.35355L7.35354 7.35355C7.25978 7.44732 7.1326 7.5 6.99999 7.5C6.86738 7.5 6.7402 7.44732 6.64644 7.35355L0.646446 1.35355C0.451184 1.15829 0.451185 0.841708 0.646447 0.646446Z\" fill=\"black\"><\/path>\r\n<\/svg>\t\t<\/summary>\r\n\t\n\n\t\t<div class=\"accordion__body\">\r\n\t\t\t\n\n<ul class=\"wp-block-list ce-provider\">\n<li>Kn\u00fcpfen Sie w\u00e4hrend der Konferenz und der Abendveranstaltung <strong>Kontakte zu f\u00fchrenden Fachleuten<\/strong>.<\/li>\n\n\n\n<li>Nutzen Sie unsere Kan\u00e4le f\u00fcr <strong>Lead-Generierungs-Kampagnen<\/strong> mit White Papers und Case Studies.<\/li>\n<\/ul>\n\n\r\n\t\t<\/div>\r\n\t\n\r\n\t\t\t<\/details>\r\n\t\t<\/div>\r\n\t\t\n\r\n\t\t<\/div>\r\n\t<\/div>\n\n\n\n<p><strong>Setzen Sie den Standard f\u00fcr Wassernachhaltigkeit<\/strong><\/p>\n\n\n\n<p>Nehmen Sie an der <strong>Value of Water Conference 2025<\/strong> teil und spielen Sie eine f\u00fchrende Rolle bei der Gestaltung nachhaltiger L\u00f6sungen durch Zusammenarbeit und Innovation.<\/p>\n\n\n\n<p>Um die M\u00f6glichkeiten einer Partnerschaft zu besprechen, kontaktieren Sie uns gerne.<\/p>\n\n\n\t\t\t\t\t<div class=\"wp-block-kontakt is-style-grid is-highlighted is-style-shade\" style=\"--contact-item-width: 200px; --contact-item-max-width: 1fr;\" >\r\n\t\t\t\t<h2 class=\"hmg-contact__title\">Kontakt<\/h2>\r\n\t\t\t\t\t\t\t\t<div class=\"hmg-contact__layout\">\r\n\t\t\t\t\t\t<div class=\"hmg-contact\">\r\n\t\t<div class=\"hmg-contact__cover\"><img decoding=\"async\" class=\"hmg-contact__image\" src=\"https:\/\/ish-value-of-water.com\/wp-content\/uploads\/2024\/10\/weber.png\" role=\"presentation\"><\/div>\r\n\t\t<div class=\"hmg-contact__details\">\r\n\t\t\t<div class=\"hmg-contact__name_wrapper\">\r\n\t\t\t\t<span class=\"hmg-contact__name\">Stefanie Weber<\/span>\r\n\t\t\t\t<span class=\"hmg-contact__role\">Sponsoring &#038; Partnerschaften<\/span>\r\n\t\t\t<\/div>\r\n\t\t\t<a class=\"hmg-contact__email\" href=\"mailto:s.weber@handelsblattgroup.com\">s.weber@handelsblattgroup.com\t\t\t<\/a>\r\n\t\t\t<a class=\"hmg-contact__phone mobile-only\" href=\"tel:+491788323009\">+49 178 8323009<\/a>\r\n\t\t\t<div class=\"hmg-contact__bio\">\r\n\t\t\t\t\t\t\t<\/div>\r\n\t\t<\/div>\r\n\t<\/div>\r\n\t\t\t\t<\/div>\r\n\t\t\t<\/div>\r\n\t\t","protected":false},"excerpt":{"rendered":"<p>Werden Sie Partner der Value of Water Conference Positionieren Sie Ihr Unternehmen als Vorreiter in Sachen Wassernachhaltigkeit Seien Sie dabei, wenn die Value of Water Conference ins Leben gerufen wird, eine globale Konferenz, die Branchenf\u00fchrer, Innovatoren und Entscheidungstr\u00e4ger zusammenbringt, um Fortschritte bei der Verwirklichung des Nachhaltigkeitsziels #6: Sauberes Wasser und Sanit\u00e4reinrichtungen zu erzielen. Als Gr\u00fcndungspartner&#8230;<\/p>\n","protected":false},"author":2,"featured_media":0,"parent":0,"menu_order":0,"comment_status":"closed","ping_status":"closed","template":"","meta":{"_acf_changed":false,"footnotes":""},"class_list":["post-522","page","type-page","status-publish","hentry"],"acf":[],"yoast_head":"<!-- This site is optimized with the Yoast SEO plugin v24.0 - https:\/\/yoast.com\/wordpress\/plugins\/seo\/ -->\n<title>Partner der Value of Water Conference - ISH - Value of Water<\/title>\n<meta name=\"robots\" content=\"index, follow, max-snippet:-1, max-image-preview:large, max-video-preview:-1\" \/>\n<link rel=\"canonical\" href=\"https:\/\/ish-value-of-water.com\/de\/partner-der-value-of-water-conference\/\" \/>\n<meta property=\"og:locale\" content=\"de_DE\" \/>\n<meta property=\"og:type\" content=\"article\" \/>\n<meta property=\"og:title\" content=\"Partner der Value of Water Conference - ISH - Value of Water\" \/>\n<meta property=\"og:description\" content=\"Werden Sie Partner der Value of Water Conference Positionieren Sie Ihr Unternehmen als Vorreiter in Sachen Wassernachhaltigkeit Seien Sie dabei, wenn die Value of Water Conference ins Leben gerufen wird, eine globale Konferenz, die Branchenf\u00fchrer, Innovatoren und Entscheidungstr\u00e4ger zusammenbringt, um Fortschritte bei der Verwirklichung des Nachhaltigkeitsziels #6: Sauberes Wasser und Sanit\u00e4reinrichtungen zu erzielen. Als Gr\u00fcndungspartner...\" \/>\n<meta property=\"og:url\" content=\"https:\/\/ish-value-of-water.com\/de\/partner-der-value-of-water-conference\/\" \/>\n<meta property=\"og:site_name\" content=\"ISH - Value of Water\" \/>\n<meta property=\"article:publisher\" content=\"https:\/\/www.facebook.com\/ISHfrankfurt\" \/>\n<meta property=\"article:modified_time\" content=\"2025-02-13T08:14:22+00:00\" \/>\n<meta property=\"og:image\" content=\"https:\/\/ish-value-of-water.com\/wp-content\/uploads\/2024\/10\/ish-vow-og.png\" \/>\n\t<meta property=\"og:image:width\" content=\"1118\" \/>\n\t<meta property=\"og:image:height\" content=\"499\" \/>\n\t<meta property=\"og:image:type\" content=\"image\/png\" \/>\n<meta name=\"twitter:card\" content=\"summary_large_image\" \/>\n<meta name=\"twitter:site\" content=\"@ish_frankfurt\" \/>\n<meta name=\"twitter:label1\" content=\"Gesch\u00e4tzte Lesezeit\" \/>\n\t<meta name=\"twitter:data1\" content=\"2\u00a0Minuten\" \/>\n<script type=\"application\/ld+json\" class=\"yoast-schema-graph\">{\"@context\":\"https:\/\/schema.org\",\"@graph\":[{\"@type\":\"WebPage\",\"@id\":\"https:\/\/ish-value-of-water.com\/de\/partner-der-value-of-water-conference\/\",\"url\":\"https:\/\/ish-value-of-water.com\/de\/partner-der-value-of-water-conference\/\",\"name\":\"Partner der Value of Water Conference - ISH - Value of Water\",\"isPartOf\":{\"@id\":\"https:\/\/ish-value-of-water.com\/de\/#website\"},\"datePublished\":\"2024-10-08T08:55:11+00:00\",\"dateModified\":\"2025-02-13T08:14:22+00:00\",\"breadcrumb\":{\"@id\":\"https:\/\/ish-value-of-water.com\/de\/partner-der-value-of-water-conference\/#breadcrumb\"},\"inLanguage\":\"de\",\"potentialAction\":[{\"@type\":\"ReadAction\",\"target\":[\"https:\/\/ish-value-of-water.com\/de\/partner-der-value-of-water-conference\/\"]}]},{\"@type\":\"BreadcrumbList\",\"@id\":\"https:\/\/ish-value-of-water.com\/de\/partner-der-value-of-water-conference\/#breadcrumb\",\"itemListElement\":[{\"@type\":\"ListItem\",\"position\":1,\"name\":\"Home\",\"item\":\"https:\/\/ish-value-of-water.com\/de\/start\/\"},{\"@type\":\"ListItem\",\"position\":2,\"name\":\"Partner der Value of Water Conference\"}]},{\"@type\":\"WebSite\",\"@id\":\"https:\/\/ish-value-of-water.com\/de\/#website\",\"url\":\"https:\/\/ish-value-of-water.com\/de\/\",\"name\":\"ISH - Value of Water\",\"description\":\"\",\"publisher\":{\"@id\":\"https:\/\/ish-value-of-water.com\/de\/#organization\"},\"potentialAction\":[{\"@type\":\"SearchAction\",\"target\":{\"@type\":\"EntryPoint\",\"urlTemplate\":\"https:\/\/ish-value-of-water.com\/de\/?s={search_term_string}\"},\"query-input\":{\"@type\":\"PropertyValueSpecification\",\"valueRequired\":true,\"valueName\":\"search_term_string\"}}],\"inLanguage\":\"de\"},{\"@type\":\"Organization\",\"@id\":\"https:\/\/ish-value-of-water.com\/de\/#organization\",\"name\":\"ISH - Value of Water\",\"url\":\"https:\/\/ish-value-of-water.com\/de\/\",\"logo\":{\"@type\":\"ImageObject\",\"inLanguage\":\"de\",\"@id\":\"https:\/\/ish-value-of-water.com\/de\/#\/schema\/logo\/image\/\",\"url\":\"https:\/\/ish-value-of-water.com\/wp-content\/uploads\/2024\/08\/ISH_RGB.svg\",\"contentUrl\":\"https:\/\/ish-value-of-water.com\/wp-content\/uploads\/2024\/08\/ISH_RGB.svg\",\"width\":44,\"height\":24,\"caption\":\"ISH - Value of Water\"},\"image\":{\"@id\":\"https:\/\/ish-value-of-water.com\/de\/#\/schema\/logo\/image\/\"},\"sameAs\":[\"https:\/\/www.facebook.com\/ISHfrankfurt\",\"https:\/\/x.com\/ish_frankfurt\",\"https:\/\/www.linkedin.com\/showcase\/ish-frankfurt\"]}]}<\/script>\n<!-- \/ Yoast SEO plugin. -->","yoast_head_json":{"title":"Partner der Value of Water Conference - ISH - Value of Water","robots":{"index":"index","follow":"follow","max-snippet":"max-snippet:-1","max-image-preview":"max-image-preview:large","max-video-preview":"max-video-preview:-1"},"canonical":"https:\/\/ish-value-of-water.com\/de\/partner-der-value-of-water-conference\/","og_locale":"de_DE","og_type":"article","og_title":"Partner der Value of Water Conference - ISH - Value of Water","og_description":"Werden Sie Partner der Value of Water Conference Positionieren Sie Ihr Unternehmen als Vorreiter in Sachen Wassernachhaltigkeit Seien Sie dabei, wenn die Value of Water Conference ins Leben gerufen wird, eine globale Konferenz, die Branchenf\u00fchrer, Innovatoren und Entscheidungstr\u00e4ger zusammenbringt, um Fortschritte bei der Verwirklichung des Nachhaltigkeitsziels #6: Sauberes Wasser und Sanit\u00e4reinrichtungen zu erzielen. Als Gr\u00fcndungspartner...","og_url":"https:\/\/ish-value-of-water.com\/de\/partner-der-value-of-water-conference\/","og_site_name":"ISH - Value of Water","article_publisher":"https:\/\/www.facebook.com\/ISHfrankfurt","article_modified_time":"2025-02-13T08:14:22+00:00","og_image":[{"width":1118,"height":499,"url":"https:\/\/ish-value-of-water.com\/wp-content\/uploads\/2024\/10\/ish-vow-og.png","type":"image\/png"}],"twitter_card":"summary_large_image","twitter_site":"@ish_frankfurt","twitter_misc":{"Gesch\u00e4tzte Lesezeit":"2\u00a0Minuten"},"schema":{"@context":"https:\/\/schema.org","@graph":[{"@type":"WebPage","@id":"https:\/\/ish-value-of-water.com\/de\/partner-der-value-of-water-conference\/","url":"https:\/\/ish-value-of-water.com\/de\/partner-der-value-of-water-conference\/","name":"Partner der Value of Water Conference - ISH - Value of Water","isPartOf":{"@id":"https:\/\/ish-value-of-water.com\/de\/#website"},"datePublished":"2024-10-08T08:55:11+00:00","dateModified":"2025-02-13T08:14:22+00:00","breadcrumb":{"@id":"https:\/\/ish-value-of-water.com\/de\/partner-der-value-of-water-conference\/#breadcrumb"},"inLanguage":"de","potentialAction":[{"@type":"ReadAction","target":["https:\/\/ish-value-of-water.com\/de\/partner-der-value-of-water-conference\/"]}]},{"@type":"BreadcrumbList","@id":"https:\/\/ish-value-of-water.com\/de\/partner-der-value-of-water-conference\/#breadcrumb","itemListElement":[{"@type":"ListItem","position":1,"name":"Home","item":"https:\/\/ish-value-of-water.com\/de\/start\/"},{"@type":"ListItem","position":2,"name":"Partner der Value of Water Conference"}]},{"@type":"WebSite","@id":"https:\/\/ish-value-of-water.com\/de\/#website","url":"https:\/\/ish-value-of-water.com\/de\/","name":"ISH - Value of Water","description":"","publisher":{"@id":"https:\/\/ish-value-of-water.com\/de\/#organization"},"potentialAction":[{"@type":"SearchAction","target":{"@type":"EntryPoint","urlTemplate":"https:\/\/ish-value-of-water.com\/de\/?s={search_term_string}"},"query-input":{"@type":"PropertyValueSpecification","valueRequired":true,"valueName":"search_term_string"}}],"inLanguage":"de"},{"@type":"Organization","@id":"https:\/\/ish-value-of-water.com\/de\/#organization","name":"ISH - Value of Water","url":"https:\/\/ish-value-of-water.com\/de\/","logo":{"@type":"ImageObject","inLanguage":"de","@id":"https:\/\/ish-value-of-water.com\/de\/#\/schema\/logo\/image\/","url":"https:\/\/ish-value-of-water.com\/wp-content\/uploads\/2024\/08\/ISH_RGB.svg","contentUrl":"https:\/\/ish-value-of-water.com\/wp-content\/uploads\/2024\/08\/ISH_RGB.svg","width":44,"height":24,"caption":"ISH - Value of Water"},"image":{"@id":"https:\/\/ish-value-of-water.com\/de\/#\/schema\/logo\/image\/"},"sameAs":["https:\/\/www.facebook.com\/ISHfrankfurt","https:\/\/x.com\/ish_frankfurt","https:\/\/www.linkedin.com\/showcase\/ish-frankfurt"]}]}},"_links":{"self":[{"href":"https:\/\/ish-value-of-water.com\/de\/wp-json\/wp\/v2\/pages\/522"}],"collection":[{"href":"https:\/\/ish-value-of-water.com\/de\/wp-json\/wp\/v2\/pages"}],"about":[{"href":"https:\/\/ish-value-of-water.com\/de\/wp-json\/wp\/v2\/types\/page"}],"author":[{"embeddable":true,"href":"https:\/\/ish-value-of-water.com\/de\/wp-json\/wp\/v2\/users\/2"}],"replies":[{"embeddable":true,"href":"https:\/\/ish-value-of-water.com\/de\/wp-json\/wp\/v2\/comments?post=522"}],"version-history":[{"count":10,"href":"https:\/\/ish-value-of-water.com\/de\/wp-json\/wp\/v2\/pages\/522\/revisions"}],"predecessor-version":[{"id":1031,"href":"https:\/\/ish-value-of-water.com\/de\/wp-json\/wp\/v2\/pages\/522\/revisions\/1031"}],"wp:attachment":[{"href":"https:\/\/ish-value-of-water.com\/de\/wp-json\/wp\/v2\/media?parent=522"}],"curies":[{"name":"wp","href":"https:\/\/api.w.org\/{rel}","templated":true}]}}